{"id":467,"date":"2026-06-08T18:01:57","date_gmt":"2026-06-08T16:01:57","guid":{"rendered":"https:\/\/brandula.tomasvlcek.cz\/?page_id=467"},"modified":"2026-08-16T18:35:34","modified_gmt":"2026-08-16T16:35:34","slug":"vinarstvi-lacourte-guillemart","status":"publish","type":"page","link":"https:\/\/brandula.tomasvlcek.cz\/?page_id=467","title":{"rendered":"Vina\u0159stv\u00ed Lacourte-Guillemart"},"content":{"rendered":"\t\t<div data-elementor-type=\"wp-page\" data-elementor-id=\"467\" class=\"elementor elementor-467\" data-elementor-post-type=\"page\">\n\t\t\t\t<div class=\"elementor-element elementor-element-50f39a8d e-flex e-con-boxed e-con e-parent\" data-id=\"50f39a8d\" data-element_type=\"container\" data-e-type=\"container\" data-settings=\"{&quot;background_background&quot;:&quot;classic&quot;}\">\n\t\t\t\t\t<div class=\"e-con-inner\">\n\t\t\t\t<div class=\"elementor-element elementor-element-4e1f6255 elementor-widget elementor-widget-heading\" data-id=\"4e1f6255\" data-element_type=\"widget\" data-e-type=\"widget\" data-widget_type=\"heading.default\">\n\t\t\t\t\t<h6 class=\"elementor-heading-title elementor-size-default\">Vina\u0159stv\u00ed<\/h6>\t\t\t\t<\/div>\n\t\t\t\t<div class=\"elementor-element elementor-element-a965985 elementor-widget elementor-widget-heading\" data-id=\"a965985\" data-element_type=\"widget\" data-e-type=\"widget\" data-widget_type=\"heading.default\">\n\t\t\t\t\t<h1 class=\"elementor-heading-title elementor-size-default\">Lacourte-Guillemart<\/h1>\t\t\t\t<\/div>\n\t\t\t\t<div class=\"elementor-element elementor-element-f4af7e2 elementor-widget elementor-widget-heading\" data-id=\"f4af7e2\" data-element_type=\"widget\" data-e-type=\"widget\" data-widget_type=\"heading.default\">\n\t\t\t\t\t<h5 class=\"elementor-heading-title elementor-size-default\">Zku\u0161enosti 12 generac\u00ed vina\u0159\u016f. Rafinovan\u00e9 \u0161ampa\u0148sk\u00e9 vyr\u00e1b\u011bn\u00e9 podle rodinn\u00e9 know-how, p\u0159ed\u00e1van\u00e9 po&nbsp;generace. <\/h5>\t\t\t\t<\/div>\n\t\t\t\t\t<\/div>\n\t\t\t\t<\/div>\n\t\t<div class=\"elementor-element elementor-element-b441d01 e-flex e-con-boxed e-con e-parent\" data-id=\"b441d01\" data-element_type=\"container\" data-e-type=\"container\" data-settings=\"{&quot;background_background&quot;:&quot;classic&quot;}\">\n\t\t\t\t\t<div class=\"e-con-inner\">\n\t\t\t\t<div class=\"elementor-element elementor-element-434138d elementor-widget elementor-widget-heading\" data-id=\"434138d\" data-element_type=\"widget\" data-e-type=\"widget\" data-widget_type=\"heading.default\">\n\t\t\t\t\t<h6 class=\"elementor-heading-title elementor-size-default\">Zalo\u017eeno v&nbsp;roce 1947<\/h6>\t\t\t\t<\/div>\n\t\t\t\t\t<\/div>\n\t\t\t\t<\/div>\n\t\t<div class=\"elementor-element elementor-element-49936d0a e-grid e-con-boxed e-con e-parent\" data-id=\"49936d0a\" data-element_type=\"container\" data-e-type=\"container\" data-settings=\"{&quot;background_background&quot;:&quot;classic&quot;}\">\n\t\t\t\t\t<div class=\"e-con-inner\">\n\t\t\t\t<div class=\"elementor-element elementor-element-6ca0054c elementor-widget elementor-widget-text-editor\" data-id=\"6ca0054c\" data-element_type=\"widget\" data-e-type=\"widget\" data-widget_type=\"text-editor.default\">\n\t\t\t\t\t\t\t\t\t<p>Pokud m\u00e1te ve vesni\u010dce Ecueil (oblast Montagne de Reims) na n\u00e1m\u011bst\u00ed popisn\u00e9 \u010d\u00edslo 1, tak je va\u0161e vina\u0159stv\u00ed rozhodn\u011b k nep\u0159ehl\u00e9dnut\u00ed. Tak je tomu i v p\u0159\u00edpad\u011b Jean-Pierra a Christine Lacourte. Po vstupu do m\u00edstnosti pro hosty V\u00e1s pohlt\u00ed p\u0159\u00edjemn\u00e1 dom\u00e1c\u00ed atmosf\u00e9ra. St\u016fl, u kter\u00e9ho se sed\u00ed, je vyroben ze star\u00e9ho vina\u0159sk\u00e9ho lisu a st\u011bny jsou oblo\u017eeny tradi\u010dn\u00edmi pupitry (stojany, kde se v\u00edno zbavuje sediment\u016f). Zaj\u00edmavost\u00ed je r\u016f\u017eov\u00e9 \u0161ampa\u0148sk\u00e9 ve verzi \u201edemi-sec\u201c, kter\u00e9 rozhodn\u011b nen\u00ed obvykl\u00e9, a krom\u011b \u0161ampa\u0148sk\u00e9ho i archivn\u00ed ratafia (dolihovan\u00fd mo\u0161t z hrozn\u016f).<\/p><p>\u00a0<\/p><p>P\u011bstuj\u00ed p\u0159edev\u0161\u00edm odr\u016fdu Pinot Noir pro jej\u00ed s\u00edlu a ovocnou chu\u0165, kterou vn\u00e1\u0161\u00ed do cuv\u00e9e, ale tak\u00e9 Chardonnay (b\u00edl\u00e9 hrozny), kter\u00e9 dod\u00e1v\u00e1 jemnost a eleganci.<\/p>\t\t\t\t\t\t\t\t<\/div>\n\t\t\t\t<div class=\"elementor-element elementor-element-50f7608c elementor-widget elementor-widget-text-editor\" data-id=\"50f7608c\" data-element_type=\"widget\" data-e-type=\"widget\" data-widget_type=\"text-editor.default\">\n\t\t\t\t\t\t\t\t\t<p>Jak \u0159\u00edk\u00e1 s\u00e1m Jean-Pierre: &#8222;V roce 2000 jsme s Christine p\u0159evzali podnik. Uv\u011bdomujeme si, jak\u00e9 \u00fa\u017easn\u00e9 d\u011bdictv\u00ed m\u00e1me v rukou, a tak\u00e9 na\u0161i misi udr\u017eet ho p\u0159i \u017eivot\u011b, a proto se sna\u017e\u00edme pokra\u010dovat v tradici kvality a nad\u00e1le vyr\u00e1b\u011bt a prod\u00e1vat na\u0161e vlastn\u00ed \u0161ampa\u0148sk\u00e9.&#8220;<\/p><p>\u00a0<\/p><p>V\u0161echny procesy vedouc\u00ed k fin\u00e1ln\u00edmu produktu se prov\u00e1d\u011bj\u00ed v jejich vlastn\u00edch vinic\u00edch a prostor\u00e1ch. Od p\u011bstov\u00e1n\u00ed hrozn\u016f po p\u0159\u00edpravu lik\u00e9r\u016f pro pln\u011bn\u00ed do lahv\u00ed, od m\u00edch\u00e1n\u00ed po zr\u00e1n\u00ed ve sklepech, od ru\u010dn\u00edho prot\u0159ep\u00e1v\u00e1n\u00ed po degor\u017eov\u00e1n\u00ed a zdoben\u00ed lahv\u00ed.<\/p>\t\t\t\t\t\t\t\t<\/div>\n\t\t\t\t\t<\/div>\n\t\t\t\t<\/div>\n\t\t<div class=\"elementor-element elementor-element-e7ba058 e-grid e-con-boxed e-con e-parent\" data-id=\"e7ba058\" data-element_type=\"container\" data-e-type=\"container\" data-settings=\"{&quot;background_background&quot;:&quot;classic&quot;}\">\n\t\t\t\t\t<div class=\"e-con-inner\">\n\t\t\t\t<div class=\"elementor-element elementor-element-1c4eb7a elementor-widget elementor-widget-text-editor\" data-id=\"1c4eb7a\" data-element_type=\"widget\" data-e-type=\"widget\" data-widget_type=\"text-editor.default\">\n\t\t\t\t\t\t\t\t\t<<Pokud<span style=\"font-weight: 400;\"> m\u00e1te ve vina\u0159sk\u00e9 vesnici <\/span><b>\u00c9cueil<\/b><span style=\"font-weight: 400;\"> na n\u00e1m\u011bst\u00ed popisn\u00e9 \u010d\u00edslo 1, va\u0161e vina\u0159stv\u00ed se opravdu ned\u00e1 p\u0159ehl\u00e9dnout. A p\u0159esn\u011b tak je tomu u rodiny <\/span><b>Lacourte-Guillemart<\/b><span style=\"font-weight: 400;\">.<\/span>\n\n<span style=\"font-weight: 400;\">Sta\u010d\u00ed ale vstoupit dovnit\u0159 a z n\u00e1m\u011bst\u00ed se r\u00e1zem ocitnete v p\u0159\u00edjemn\u00e9m rodinn\u00e9m prost\u0159ed\u00ed. Dominantou degusta\u010dn\u00ed m\u00edstnosti je velk\u00fd st\u016fl vyroben\u00fd ze <\/span><b>star\u00e9ho vina\u0159sk\u00e9ho lisu<\/b><span style=\"font-weight: 400;\">, st\u011bny zdob\u00ed tradi\u010dn\u00ed d\u0159ev\u011bn\u00e9 <\/span><b>pupitres<\/b><span style=\"font-weight: 400;\">, ve kter\u00fdch se p\u0159i ru\u010dn\u00edm set\u0159\u00e1s\u00e1n\u00ed postupn\u011b dost\u00e1valy usazen\u00e9 kvasni\u010dn\u00e9 kaly a\u017e k hrdlu lahv\u00ed, a v\u0161ude kolem je zn\u00e1t, \u017ee v\u00edno se v t\u00e9to rodin\u011b vyr\u00e1b\u00ed u\u017e opravdu dlouho.<\/span>\n\n<span style=\"font-weight: 400;\">A dlouho v tomto p\u0159\u00edpad\u011b znamen\u00e1 <\/span><b>t\u00e9m\u011b\u0159 \u010dty\u0159i stolet\u00ed<\/b><span style=\"font-weight: 400;\">.<\/span>\n\n<b>Vina\u0159sk\u00e1 rodina od roku 1630<\/b>\n\n<span style=\"font-weight: 400;\">Historie rodiny Lacourte jako vina\u0159\u016f v \u00c9cueil sah\u00e1 a\u017e do <\/span><b>roku 1630<\/b><span style=\"font-weight: 400;\">. Tehdy samoz\u0159ejm\u011b je\u0161t\u011b nevyr\u00e1b\u011bli \u0161ampa\u0148sk\u00e9 tak, jak jej zn\u00e1me dnes. Rodina produkovala tich\u00e1 v\u00edna, nejprve pro c\u00edrkev a pozd\u011bji pro obchodn\u00edky.<\/span>\n\n<span style=\"font-weight: 400;\">V\u00fdroba vlastn\u00edho Champagne p\u0159i\u0161la v roce <\/span><b>1947<\/b><span style=\"font-weight: 400;\">, kdy Henri Lacourte za\u010dal prod\u00e1vat lahve pod vlastn\u00ed zna\u010dkou. Jm\u00e9no <\/span><b>Lacourte-Guillemart<\/b><span style=\"font-weight: 400;\"> se objevilo v roce 1959 po svatb\u011b jeho syna Yvese Lacourta s Jeanine Guillemart.<\/span>\n\n<span style=\"font-weight: 400;\">V roce <\/span><b>2000 p\u0159evzali vina\u0159stv\u00ed Jean-Pierre a Christine Lacourte<\/b><span style=\"font-weight: 400;\">.<\/span>\n\n<span style=\"font-weight: 400;\">Jean-Pierre sv\u016fj vztah k rodinn\u00e9 historii vystihuje jednodu\u0161e: uv\u011bdomuj\u00ed si, jak\u00e9 d\u011bdictv\u00ed dostali do rukou, a z\u00e1rove\u0148 c\u00edt\u00ed odpov\u011bdnost p\u0159edat ho d\u00e1l.\u00a0<\/span>\t\t\t\t\t\t\t\t<\/div>\n\t\t\t\t<div class=\"elementor-element elementor-element-f668faf elementor-widget elementor-widget-text-editor\" data-id=\"f668faf\" data-element_type=\"widget\" data-e-type=\"widget\" data-widget_type=\"text-editor.default\">\n\t\t\t\t\t\t\t\t\t<p>Jejich c\u00edlem proto nen\u00ed tradici pouze uchov\u00e1vat, ale pokra\u010dovat v n\u00ed a d\u00e1l vyr\u00e1b\u011bt vlastn\u00ed Champagne v kvalit\u011b, na kterou mohou navazuj\u00edc\u00ed generace b\u00fdt hrd\u00e9. A pokra\u010dov\u00e1n\u00ed u\u017e je na cest\u011b.<\/p><p><b>T\u0159in\u00e1ct\u00e1 generace<\/b><\/p><p><span style=\"font-weight: 400;\">Jean-Pierre a Christine maj\u00ed t\u0159i dcery. Jedna z nich, <\/span><b>\u00c9milie<\/b><span style=\"font-weight: 400;\">, se v roce 2019 rozhodla vr\u00e1tit k rodinn\u00fdm ko\u0159en\u016fm a p\u0159ipojila se k rodi\u010d\u016fm ve vina\u0159stv\u00ed.<\/span><\/p><p><span style=\"font-weight: 400;\">Jej\u00ed cesta p\u0159itom nebyla \u00fapln\u011b obvykl\u00e1. P\u0159ed n\u00e1vratem k Champagne pracovala p\u0159ibli\u017en\u011b dvacet let jako zdravotn\u00ed sestra. Po t\u00e9m\u011b\u0159 \u010dty\u0159ech stolet\u00edch vina\u0159sk\u00e9 historie tak v \u00c9cueil nastupuje u\u017e <\/span><b>13. generace rodiny<\/b><span style=\"font-weight: 400;\">.<\/span><\/p><p><span style=\"font-weight: 400;\">A pr\u00e1v\u011b kontinuita je na Lacourte-Guillemart fascinuj\u00edc\u00ed. Sv\u011bt kolem se za \u010dty\u0159i stolet\u00ed zm\u011bnil t\u00e9m\u011b\u0159 k nepozn\u00e1n\u00ed, ale na stejn\u00e9m m\u00edst\u011b se st\u00e1le p\u011bstuje r\u00e9va a dal\u0161\u00ed generace rodiny z n\u00ed vyr\u00e1b\u00ed v\u00edno.<\/span><\/p><p><b>\u00c9cueil \u2013 domov Pinotu Noir<\/b><\/p><p><span style=\"font-weight: 400;\">\u00c9cueil le\u017e\u00ed jihoz\u00e1padn\u011b od Reme\u0161e na \u00fapat\u00ed <\/span><b>Montagne de Reims<\/b><span style=\"font-weight: 400;\"> a je klasifikov\u00e1no jako <\/span><b>Premier Cru<\/b><span style=\"font-weight: 400;\">.<\/span><\/p><p><span style=\"font-weight: 400;\">Ve vinic\u00edch Lacourte-Guillemart m\u00e1 d\u016fle\u017eit\u00e9 m\u00edsto p\u0159edev\u0161\u00edm <\/span><b>Pinot Noir<\/b><span style=\"font-weight: 400;\">, kter\u00fd jejich Champagne p\u0159in\u00e1\u0161\u00ed s\u00edlu, strukturu a ovocn\u00fd charakter. Dopl\u0148uje jej Chardonnay, kter\u00e9 v\u00edn\u016fm dod\u00e1v\u00e1 sv\u011b\u017eest, jemnost a eleganci.<\/span><\/p><p><span style=\"font-weight: 400;\">Spojen\u00ed t\u011bchto dvou odr\u016fd najdeme v \u0159ad\u011b jejich cuv\u00e9e a dob\u0159e vystihuje charakter vina\u0159stv\u00ed.<\/span><\/p>\t\t\t\t\t\t\t\t<\/div>\n\t\t\t\t\t<\/div>\n\t\t\t\t<\/div>\n\t\t<div class=\"elementor-element elementor-element-dbf8127 e-flex e-con-boxed e-con e-parent\" data-id=\"dbf8127\" data-element_type=\"container\" data-e-type=\"container\" data-settings=\"{&quot;background_background&quot;:&quot;classic&quot;}\">\n\t\t\t\t\t<div class=\"e-con-inner\">\n\t\t\t\t<div class=\"elementor-element elementor-element-3376540 elementor-widget-divider--view-line elementor-widget elementor-widget-divider\" data-id=\"3376540\" data-element_type=\"widget\" data-e-type=\"widget\" data-widget_type=\"divider.default\">\n\t\t\t\t\t\t\t<div class=\"elementor-divider\">\n\t\t\t<span class=\"elementor-divider-separator\">\n\t\t\t\t\t\t<\/span>\n\t\t<\/div>\n\t\t\t\t\t\t<\/div>\n\t\t\t\t\t<\/div>\n\t\t\t\t<\/div>\n\t\t<div class=\"elementor-element elementor-element-cbd8c20 e-grid e-con-boxed e-con e-parent\" data-id=\"cbd8c20\" data-element_type=\"container\" data-e-type=\"container\" data-settings=\"{&quot;background_background&quot;:&quot;classic&quot;}\">\n\t\t\t\t\t<div class=\"e-con-inner\">\n\t\t\t\t<div class=\"elementor-element elementor-element-1eaa94a elementor-widget elementor-widget-text-editor\" data-id=\"1eaa94a\" data-element_type=\"widget\" data-e-type=\"widget\" data-widget_type=\"text-editor.default\">\n\t\t\t\t\t\t\t\t\t<p>Jejich c\u00edlem proto nen\u00ed tradici pouze uchov\u00e1vat, ale pokra\u010dovat v n\u00ed a d\u00e1l vyr\u00e1b\u011bt vlastn\u00ed Champagne v kvalit\u011b, na kterou mohou navazuj\u00edc\u00ed generace b\u00fdt hrd\u00e9. A pokra\u010dov\u00e1n\u00ed u\u017e je na cest\u011b.<\/p><p><b>T\u0159in\u00e1ct\u00e1 generace<\/b><\/p><p><span style=\"font-weight: 400;\">Jean-Pierre a Christine maj\u00ed t\u0159i dcery. Jedna z nich, <\/span><b>\u00c9milie<\/b><span style=\"font-weight: 400;\">, se v roce 2019 rozhodla vr\u00e1tit k rodinn\u00fdm ko\u0159en\u016fm a p\u0159ipojila se k rodi\u010d\u016fm ve vina\u0159stv\u00ed.<\/span><\/p><p><span style=\"font-weight: 400;\">Jej\u00ed cesta p\u0159itom nebyla \u00fapln\u011b obvykl\u00e1. P\u0159ed n\u00e1vratem k Champagne pracovala p\u0159ibli\u017en\u011b dvacet let jako zdravotn\u00ed sestra. Po t\u00e9m\u011b\u0159 \u010dty\u0159ech stolet\u00edch vina\u0159sk\u00e9 historie tak v \u00c9cueil nastupuje u\u017e <\/span><b>13. generace rodiny<\/b><span style=\"font-weight: 400;\">.<\/span><\/p><p><span style=\"font-weight: 400;\">A pr\u00e1v\u011b kontinuita je na Lacourte-Guillemart fascinuj\u00edc\u00ed. Sv\u011bt kolem se za \u010dty\u0159i stolet\u00ed zm\u011bnil t\u00e9m\u011b\u0159 k nepozn\u00e1n\u00ed, ale na stejn\u00e9m m\u00edst\u011b se st\u00e1le p\u011bstuje r\u00e9va a dal\u0161\u00ed generace rodiny z n\u00ed vyr\u00e1b\u00ed v\u00edno.<\/span><\/p><p><b>\u00c9cueil \u2013 domov Pinotu Noir<\/b><\/p><p><span style=\"font-weight: 400;\">\u00c9cueil le\u017e\u00ed jihoz\u00e1padn\u011b od Reme\u0161e na \u00fapat\u00ed <\/span><b>Montagne de Reims<\/b><span style=\"font-weight: 400;\"> a je klasifikov\u00e1no jako <\/span><b>Premier Cru<\/b><span style=\"font-weight: 400;\">.<\/span><\/p><p><span style=\"font-weight: 400;\">Ve vinic\u00edch Lacourte-Guillemart m\u00e1 d\u016fle\u017eit\u00e9 m\u00edsto p\u0159edev\u0161\u00edm <\/span><b>Pinot Noir<\/b><span style=\"font-weight: 400;\">, kter\u00fd jejich Champagne p\u0159in\u00e1\u0161\u00ed s\u00edlu, strukturu a ovocn\u00fd charakter. Dopl\u0148uje jej Chardonnay, kter\u00e9 v\u00edn\u016fm dod\u00e1v\u00e1 sv\u011b\u017eest, jemnost a eleganci.<\/span><\/p><p><span style=\"font-weight: 400;\">Spojen\u00ed t\u011bchto dvou odr\u016fd najdeme v \u0159ad\u011b jejich cuv\u00e9e a dob\u0159e vystihuje charakter vina\u0159stv\u00ed.<\/span><\/p>\t\t\t\t\t\t\t\t<\/div>\n\t\t\t\t<div class=\"elementor-element elementor-element-e28d211 elementor-widget elementor-widget-text-editor\" data-id=\"e28d211\" data-element_type=\"widget\" data-e-type=\"widget\" data-widget_type=\"text-editor.default\">\n\t\t\t\t\t\t\t\t\t<p><b>A kdy\u017e u\u017e Champagne nesta\u010d\u00ed\u2026<\/b><\/p><p><span style=\"font-weight: 400;\">P\u0159i n\u00e1v\u0161t\u011bv\u011b Jean-Pierra a Christine nemus\u00ed z\u016fstat jen u Champagne.<\/span><\/p><p><span style=\"font-weight: 400;\">Ve sklep\u011b se toti\u017e mohou ukr\u00fdvat tak\u00e9 lahve <\/span><b>Ratafia Champenois<\/b><span style=\"font-weight: 400;\"> &#8211; tradi\u010dn\u00edho n\u00e1poje vyr\u00e1b\u011bn\u00e9ho z hroznov\u00e9ho mo\u0161tu, jeho\u017e kva\u0161en\u00ed je zastaveno p\u0159id\u00e1n\u00edm alkoholu. V\u00fdsledkem je slad\u0161\u00ed a v\u00fdrazn\u011b aromatick\u00fd n\u00e1poj, kter\u00fd m\u00e1 v Champagne dlouhou tradici.<\/span><\/p><p><span style=\"font-weight: 400;\">A u Lacourte-Guillemart jsme m\u011bli mo\u017enost ochutnat i <\/span><b>archivn\u00ed Ratafii<\/b><span style=\"font-weight: 400;\">, kter\u00e1 ukazuje, jak zaj\u00edmav\u011b se tento trochu opom\u00edjen\u00fd n\u00e1poj dok\u00e1\u017ee s \u010dasem vyv\u00edjet.<\/span><\/p><p><b>Pro\u010d jsme si vybrali Lacourte-Guillemart<\/b><\/p><p><span style=\"font-weight: 400;\">Na Lacourte-Guillemart n\u00e1s bav\u00ed p\u0159edev\u0161\u00edm spojen\u00ed <\/span><b>rodinn\u00e9 tradice, osobn\u00edho p\u0159\u00edstupu a r\u016fznorodosti jejich Champagne<\/b><span style=\"font-weight: 400;\">.<\/span><\/p><p><span style=\"font-weight: 400;\">Nen\u00ed to historie vystaven\u00e1 za sklem. Jean-Pierre, Christine a dnes i \u00c9milie na ni ka\u017ed\u00fd den navazuj\u00ed ve vinic\u00edch a ve sklep\u011b.<\/span><\/p><p><span style=\"font-weight: 400;\">A kdy\u017e sed\u00edte v jejich degusta\u010dn\u00ed m\u00edstnosti v dom\u011b \u010d\u00edslo 1 v \u00c9cueil, u stolu vyroben\u00e9ho ze star\u00e9ho vina\u0159sk\u00e9ho lisu, obklopeni pupitry a lahvemi Champagne, t\u011bch t\u00e9m\u011b\u0159 \u010dty\u0159i sta let rodinn\u00e9 vina\u0159sk\u00e9 historie najednou nep\u016fsob\u00ed jako \u00fadaj z kroniky. <\/span><b>Je st\u00e1le \u017eiv\u00e1.<\/b><\/p>\t\t\t\t\t\t\t\t<\/div>\n\t\t\t\t\t<\/div>\n\t\t\t\t<\/div>\n\t\t<div class=\"elementor-element elementor-element-47c04e71 e-flex e-con-boxed elementor-invisible e-con e-parent\" data-id=\"47c04e71\" data-element_type=\"container\" data-e-type=\"container\" id=\"o-nas\" data-settings=\"{&quot;background_background&quot;:&quot;classic&quot;,&quot;animation&quot;:&quot;fadeIn&quot;}\">\n\t\t\t\t\t<div class=\"e-con-inner\">\n\t\t<div class=\"elementor-element elementor-element-79ec2cc3 e-con-full e-flex e-con e-child\" data-id=\"79ec2cc3\" data-element_type=\"container\" data-e-type=\"container\" id=\"o-nas\">\n\t\t\t\t<div class=\"elementor-element elementor-element-6b698cf5 elementor-widget elementor-widget-heading\" data-id=\"6b698cf5\" data-element_type=\"widget\" data-e-type=\"widget\" data-widget_type=\"heading.default\">\n\t\t\t\t\t<h2 class=\"elementor-heading-title elementor-size-default\">Nab\u00eddka vina\u0159stv\u00ed  <br> Lacourte-Guillemart<\/h2>\t\t\t\t<\/div>\n\t\t\t\t<div class=\"elementor-element elementor-element-445896e2 elementor-widget__width-initial elementor-widget elementor-widget-text-editor\" data-id=\"445896e2\" data-element_type=\"widget\" data-e-type=\"widget\" data-widget_type=\"text-editor.default\">\n\t\t\t\t\t\t\t\t\t<p>Z pe\u010dliv\u011b sestaven\u00fdch sm\u011bsi odr\u016fd hrozn\u016f Pinot Noir a Chardonnay s rezervn\u00edmi v\u00edny z nejlep\u0161\u00edch ro\u010dn\u00edk\u016f vznikaj\u00ed jejich uzn\u00e1van\u00e9 \u201eCuv\u00e9es Maison\u201c. Chcete ochutnat?<\/p>\t\t\t\t\t\t\t\t<\/div>\n\t\t\t\t<div class=\"elementor-element elementor-element-48ceb680 elementor-align-left elementor-widget elementor-widget-button\" data-id=\"48ceb680\" data-element_type=\"widget\" data-e-type=\"widget\" data-widget_type=\"button.default\">\n\t\t\t\t\t\t\t\t\t\t<a class=\"elementor-button elementor-size-sm elementor-animation-float\" role=\"button\">\n\t\t\t\t\t\t<span class=\"elementor-button-content-wrapper\">\n\t\t\t\t\t\t<span class=\"elementor-button-icon\">\n\t\t\t\t<svg aria-hidden=\"true\" class=\"e-font-icon-svg e-fas-glass-cheers\" viewBox=\"0 0 640 512\" xmlns=\"http:\/\/www.w3.org\/2000\/svg\"><path d=\"M639.4 433.6c-8.4-20.4-31.8-30.1-52.2-21.6l-22.1 9.2-38.7-101.9c47.9-35 64.8-100.3 34.5-152.8L474.3 16c-8-13.9-25.1-19.7-40-13.6L320 49.8 205.7 2.4c-14.9-6.2-32-.3-40 13.6L79.1 166.5C48.9 219 65.7 284.3 113.6 319.2L74.9 421.1l-22.1-9.2c-20.4-8.5-43.7 1.2-52.2 21.6-1.7 4.1.2 8.8 4.3 10.5l162.3 67.4c4.1 1.7 8.7-.2 10.4-4.3 8.4-20.4-1.2-43.8-21.6-52.3l-22.1-9.2L173.3 342c4.4.5 8.8 1.3 13.1 1.3 51.7 0 99.4-33.1 113.4-85.3l20.2-75.4 20.2 75.4c14 52.2 61.7 85.3 113.4 85.3 4.3 0 8.7-.8 13.1-1.3L506 445.6l-22.1 9.2c-20.4 8.5-30.1 31.9-21.6 52.3 1.7 4.1 6.4 6 10.4 4.3L635.1 444c4-1.7 6-6.3 4.3-10.4zM275.9 162.1l-112.1-46.5 36.5-63.4 94.5 39.2-18.9 70.7zm88.2 0l-18.9-70.7 94.5-39.2 36.5 63.4-112.1 46.5z\"><\/path><\/svg>\t\t\t<\/span>\n\t\t\t\t\t\t\t\t\t<span class=\"elementor-button-text\">Prohl\u00e9dn\u011bte si nab\u00eddku<\/span>\n\t\t\t\t\t<\/span>\n\t\t\t\t\t<\/a>\n\t\t\t\t\t\t\t\t<\/div>\n\t\t\t\t<\/div>\n\t\t<div class=\"elementor-element elementor-element-45e22156 e-con-full e-flex e-con e-child\" data-id=\"45e22156\" data-element_type=\"container\" data-e-type=\"container\">\n\t\t\t\t<div class=\"elementor-element elementor-element-12e5b3b9 elementor-widget elementor-widget-image\" data-id=\"12e5b3b9\" data-element_type=\"widget\" data-e-type=\"widget\" data-widget_type=\"image.default\">\n\t\t\t\t\t\t\t\t\t\t\t\t\t\t\t<img fetchpriority=\"high\" decoding=\"async\" width=\"800\" height=\"684\" src=\"https:\/\/brandula.tomasvlcek.cz\/wp-content\/uploads\/2026\/06\/Lacourte-vinar-1024x876.jpg\" class=\"attachment-large size-large wp-image-529\" alt=\"\" srcset=\"https:\/\/brandula.tomasvlcek.cz\/wp-content\/uploads\/2026\/06\/Lacourte-vinar-1024x876.jpg 1024w, https:\/\/brandula.tomasvlcek.cz\/wp-content\/uploads\/2026\/06\/Lacourte-vinar-300x257.jpg 300w, https:\/\/brandula.tomasvlcek.cz\/wp-content\/uploads\/2026\/06\/Lacourte-vinar-768x657.jpg 768w, https:\/\/brandula.tomasvlcek.cz\/wp-content\/uploads\/2026\/06\/Lacourte-vinar-1536x1314.jpg 1536w, https:\/\/brandula.tomasvlcek.cz\/wp-content\/uploads\/2026\/06\/Lacourte-vinar.jpg 1920w\" sizes=\"(max-width: 800px) 100vw, 800px\" \/>\t\t\t\t\t\t\t\t\t\t\t\t\t\t\t<\/div>\n\t\t\t\t<\/div>\n\t\t\t\t\t<\/div>\n\t\t\t\t<\/div>\n\t\t<div class=\"elementor-element elementor-element-1117835a e-flex e-con-boxed e-con e-parent\" data-id=\"1117835a\" data-element_type=\"container\" data-e-type=\"container\" data-settings=\"{&quot;background_background&quot;:&quot;classic&quot;}\">\n\t\t\t\t\t<div class=\"e-con-inner\">\n\t\t<div class=\"elementor-element elementor-element-117eed0f e-flex e-con-boxed e-con e-child\" data-id=\"117eed0f\" data-element_type=\"container\" data-e-type=\"container\" data-settings=\"{&quot;background_background&quot;:&quot;classic&quot;}\">\n\t\t\t\t\t<div class=\"e-con-inner\">\n\t\t<div class=\"elementor-element elementor-element-2584a421 e-con-full e-flex e-con e-child\" data-id=\"2584a421\" data-element_type=\"container\" data-e-type=\"container\">\n\t\t\t\t<div class=\"elementor-element elementor-element-25243cc1 elementor-view-default elementor-widget elementor-widget-icon\" data-id=\"25243cc1\" data-element_type=\"widget\" data-e-type=\"widget\" data-widget_type=\"icon.default\">\n\t\t\t\t\t\t\t<div class=\"elementor-icon-wrapper\">\n\t\t\t<div class=\"elementor-icon\">\n\t\t\t<svg aria-hidden=\"true\" class=\"e-font-icon-svg e-fas-location-arrow\" viewBox=\"0 0 512 512\" xmlns=\"http:\/\/www.w3.org\/2000\/svg\"><path d=\"M444.52 3.52L28.74 195.42c-47.97 22.39-31.98 92.75 19.19 92.75h175.91v175.91c0 51.17 70.36 67.17 92.75 19.19l191.9-415.78c15.99-38.39-25.59-79.97-63.97-63.97z\"><\/path><\/svg>\t\t\t<\/div>\n\t\t<\/div>\n\t\t\t\t\t\t<\/div>\n\t\t\t\t<div class=\"elementor-element elementor-element-56ae6e8f animated-slow elementor-invisible elementor-widget elementor-widget-heading\" data-id=\"56ae6e8f\" data-element_type=\"widget\" data-e-type=\"widget\" data-settings=\"{&quot;_animation&quot;:&quot;slideInUp&quot;}\" data-widget_type=\"heading.default\">\n\t\t\t\t\t<h2 class=\"elementor-heading-title elementor-size-default\">Newsletter<\/h2>\t\t\t\t<\/div>\n\t\t\t\t<div class=\"elementor-element elementor-element-24333be6 animated-slow elementor-invisible elementor-widget elementor-widget-heading\" data-id=\"24333be6\" data-element_type=\"widget\" data-e-type=\"widget\" data-settings=\"{&quot;_animation&quot;:&quot;slideInUp&quot;}\" data-widget_type=\"heading.default\">\n\t\t\t\t\t<h2 class=\"elementor-heading-title elementor-size-default\">Z\u016fsta\u0148te o&nbsp;bublinku nap\u0159ed<\/h2>\t\t\t\t<\/div>\n\t\t\t\t<div class=\"elementor-element elementor-element-70f599d7 elementor-widget elementor-widget-text-editor\" data-id=\"70f599d7\" data-element_type=\"widget\" data-e-type=\"widget\" data-widget_type=\"text-editor.default\">\n\t\t\t\t\t\t\t\t\tPozv\u00e1nky na degustace, limitovan\u00e9 edice a novinky z na\u0161ich cest do Champagne. <br> \u017d\u00e1dn\u00fd spam, jen \u0161ampa\u0148sk\u00e9.\t\t\t\t\t\t\t\t<\/div>\n\t\t\t\t<\/div>\n\t\t<div class=\"elementor-element elementor-element-3953c333 e-grid e-con-full e-con e-child\" data-id=\"3953c333\" data-element_type=\"container\" data-e-type=\"container\">\n\t\t\t\t<div class=\"elementor-element elementor-element-34cfa3c3 elementor-widget__width-initial elementor-button-align-stretch elementor-widget elementor-widget-form\" data-id=\"34cfa3c3\" data-element_type=\"widget\" data-e-type=\"widget\" data-settings=\"{&quot;step_next_label&quot;:&quot;Next&quot;,&quot;step_previous_label&quot;:&quot;Previous&quot;,&quot;button_width&quot;:&quot;100&quot;,&quot;step_type&quot;:&quot;number_text&quot;,&quot;step_icon_shape&quot;:&quot;circle&quot;}\" data-widget_type=\"form.default\">\n\t\t\t\t\t\t\t<form class=\"elementor-form\" method=\"post\" name=\"New Form\" aria-label=\"New Form\">\n\t\t\t<input type=\"hidden\" name=\"post_id\" value=\"467\"\/>\n\t\t\t<input type=\"hidden\" name=\"form_id\" value=\"34cfa3c3\"\/>\n\t\t\t<input type=\"hidden\" name=\"referer_title\" value=\"Vina\u0159stv\u00ed Lacourte-Guillemart - \u0160ampa\u0148sk\u00e9 pro ka\u017ed\u00e9ho\" \/>\n\n\t\t\t\t\t\t\t<input type=\"hidden\" name=\"queried_id\" value=\"467\"\/>\n\t\t\t\n\t\t\t<div class=\"elementor-form-fields-wrapper elementor-labels-above\">\n\t\t\t\t\t\t\t\t<div class=\"elementor-field-type-email elementor-field-group elementor-column elementor-field-group-email elementor-col-100 elementor-field-required elementor-mark-required\">\n\t\t\t\t\t\t\t\t\t\t\t\t<label for=\"form-field-email\" class=\"elementor-field-label\">\n\t\t\t\t\t\t\t\tE-mail\t\t\t\t\t\t\t<\/label>\n\t\t\t\t\t\t\t\t\t\t\t\t\t\t<input size=\"1\" type=\"email\" name=\"form_fields[email]\" id=\"form-field-email\" class=\"elementor-field elementor-size-md  elementor-field-textual\" placeholder=\"Napi\u0161te v\u00e1\u0161 e-mail\" required=\"required\">\n\t\t\t\t\t\t\t\t\t\t\t<\/div>\n\t\t\t\t\t\t\t\t<div class=\"elementor-field-group elementor-column elementor-field-type-submit elementor-col-100 e-form__buttons\">\n\t\t\t\t\t<button class=\"elementor-button elementor-size-sm elementor-animation-float\" type=\"submit\">\n\t\t\t\t\t\t<span class=\"elementor-button-content-wrapper\">\n\t\t\t\t\t\t\t\t\t\t\t\t\t\t\t\t\t\t\t\t\t\t<span class=\"elementor-button-text\">P\u0159ihl\u00e1sit k&nbsp;odb\u011bru<\/span>\n\t\t\t\t\t\t\t\t\t\t\t\t\t<\/span>\n\t\t\t\t\t<\/button>\n\t\t\t\t<\/div>\n\t\t\t<\/div>\n\t\t<\/form>\n\t\t\t\t\t\t<\/div>\n\t\t\t\t<div class=\"elementor-element elementor-element-2d14f3a6 elementor-widget elementor-widget-text-editor\" data-id=\"2d14f3a6\" data-element_type=\"widget\" data-e-type=\"widget\" data-widget_type=\"text-editor.default\">\n\t\t\t\t\t\t\t\t\t<p>Odesl\u00e1n\u00edm souhlas\u00edte se zpracov\u00e1n\u00edm osobn\u00edch \u00fadaj\u016f pro \u00fa\u010dely zas\u00edl\u00e1n\u00ed obchodn\u00edch sd\u011blen\u00ed.<\/p>\t\t\t\t\t\t\t\t<\/div>\n\t\t\t\t<\/div>\n\t\t\t\t\t<\/div>\n\t\t\t\t<\/div>\n\t\t\t\t\t<\/div>\n\t\t\t\t<\/div>\n\t\t\t\t<\/div>\n\t\t","protected":false},"excerpt":{"rendered":"<p>Vina\u0159stv\u00ed Lacourte-Guillemart Zku\u0161enosti 12 generac\u00ed vina\u0159\u016f. Rafinovan\u00e9 \u0161ampa\u0148sk\u00e9 vyr\u00e1b\u011bn\u00e9 podle rodinn\u00e9 know-how, p\u0159ed\u00e1van\u00e9 po generace. Zalo\u017eeno v roce 1947 Pokud m\u00e1te ve vesni\u010dce Ecueil (oblast Montagne de Reims) na n\u00e1m\u011bst\u00ed popisn\u00e9 \u010d\u00edslo 1, tak je va\u0161e vina\u0159stv\u00ed rozhodn\u011b k nep\u0159ehl\u00e9dnut\u00ed. Tak je tomu i v p\u0159\u00edpad\u011b Jean-Pierra a Christine Lacourte. Po vstupu do m\u00edstnosti pro [&hellip;]<\/p>\n","protected":false},"author":1,"featured_media":0,"parent":0,"menu_order":0,"comment_status":"closed","ping_status":"closed","template":"","meta":{"footnotes":""},"class_list":["post-467","page","type-page","status-publish","hentry"],"_links":{"self":[{"href":"https:\/\/brandula.tomasvlcek.cz\/index.php?rest_route=\/wp\/v2\/pages\/467","targetHints":{"allow":["GET"]}}],"collection":[{"href":"https:\/\/brandula.tomasvlcek.cz\/index.php?rest_route=\/wp\/v2\/pages"}],"about":[{"href":"https:\/\/brandula.tomasvlcek.cz\/index.php?rest_route=\/wp\/v2\/types\/page"}],"author":[{"embeddable":true,"href":"https:\/\/brandula.tomasvlcek.cz\/index.php?rest_route=\/wp\/v2\/users\/1"}],"replies":[{"embeddable":true,"href":"https:\/\/brandula.tomasvlcek.cz\/index.php?rest_route=%2Fwp%2Fv2%2Fcomments&post=467"}],"version-history":[{"count":33,"href":"https:\/\/brandula.tomasvlcek.cz\/index.php?rest_route=\/wp\/v2\/pages\/467\/revisions"}],"predecessor-version":[{"id":786,"href":"https:\/\/brandula.tomasvlcek.cz\/index.php?rest_route=\/wp\/v2\/pages\/467\/revisions\/786"}],"wp:attachment":[{"href":"https:\/\/brandula.tomasvlcek.cz\/index.php?rest_route=%2Fwp%2Fv2%2Fmedia&parent=467"}],"curies":[{"name":"wp","href":"https:\/\/api.w.org\/{rel}","templated":true}]}}